{"id":2824,"date":"2019-01-11T09:10:47","date_gmt":"2019-01-11T08:10:47","guid":{"rendered":"https:\/\/innohub13.de\/?post_type=tribe_events&#038;p=2824"},"modified":"2019-01-11T09:11:32","modified_gmt":"2019-01-11T08:11:32","slug":"8-wirtschaftstag-im-landkreis-meissen","status":"publish","type":"tribe_events","link":"https:\/\/innohub13.de\/en\/event\/8-wirtschaftstag-im-landkreis-meissen\/","title":{"rendered":"8. Wirtschaftstag im Landkreis Mei\u00dfen"},"content":{"rendered":"<div class=\"ce_text heading block\">\n<h2><strong>Verkn\u00fcpfe dich<\/strong>!<strong>-Der Wirtschaftstag im Landkreis Mei\u00dfen<\/strong><\/h2>\n<h5>ist eine Initiative der <strong>IHK Dresden &#8211; Regionalb\u00fcro Riesa <\/strong>und der <strong>Wirtschaftsf\u00f6rderung Region Mei\u00dfen GmbH<\/strong>.<\/h5>\n<\/div>\n<div class=\"ce_text subheading block\">\n<p>Mit dem Wirtschaftstag im Landkreis Mei\u00dfen wird Unternehmern und Vertretern wirtschaftsnaher Institutionen die M\u00f6glichkeit geboten, sich untereinander auszutauschen und \u00fcber aktuelle wirtschaftliche Entwicklungen zu diskutieren. Ebenso ist es auf diesem Weg m\u00f6glich, unkompliziert Wissen \u00fcber Best Practices anderer Wirtschaftspartner zu erlangen und anschlie\u00dfend f\u00fcr das eigene Unternehmen zu adaptieren.<\/p>\n<p>&nbsp;<\/p>\n<\/div>\n","protected":false},"excerpt":{"rendered":"<p>Verkn\u00fcpfe dich!-Der Wirtschaftstag im Landkreis Mei\u00dfen ist eine Initiative der IHK Dresden &#8211; Regionalb\u00fcro Riesa und der Wirtschaftsf\u00f6rderung Region Mei\u00dfen GmbH. Mit dem Wirtschaftstag im Landkreis Mei\u00dfen wird Unternehmern und [&hellip;]<\/p>\n","protected":false},"author":15,"featured_media":0,"comment_status":"closed","ping_status":"closed","template":"","meta":{"_et_pb_use_builder":"","_et_pb_old_content":"","_et_gb_content_width":"","_tribe_events_status":"","_tribe_events_status_reason":""},"tags":[],"tribe_events_cat":[],"_links":{"self":[{"href":"https:\/\/innohub13.de\/en\/wp-json\/wp\/v2\/tribe_events\/2824"}],"collection":[{"href":"https:\/\/innohub13.de\/en\/wp-json\/wp\/v2\/tribe_events"}],"about":[{"href":"https:\/\/innohub13.de\/en\/wp-json\/wp\/v2\/types\/tribe_events"}],"author":[{"embeddable":true,"href":"https:\/\/innohub13.de\/en\/wp-json\/wp\/v2\/users\/15"}],"replies":[{"embeddable":true,"href":"https:\/\/innohub13.de\/en\/wp-json\/wp\/v2\/comments?post=2824"}],"version-history":[{"count":1,"href":"https:\/\/innohub13.de\/en\/wp-json\/wp\/v2\/tribe_events\/2824\/revisions"}],"predecessor-version":[{"id":2825,"href":"https:\/\/innohub13.de\/en\/wp-json\/wp\/v2\/tribe_events\/2824\/revisions\/2825"}],"wp:attachment":[{"href":"https:\/\/innohub13.de\/en\/wp-json\/wp\/v2\/media?parent=2824"}],"wp:term":[{"taxonomy":"post_tag","embeddable":true,"href":"https:\/\/innohub13.de\/en\/wp-json\/wp\/v2\/tags?post=2824"},{"taxonomy":"tribe_events_cat","embeddable":true,"href":"https:\/\/innohub13.de\/en\/wp-json\/wp\/v2\/tribe_events_cat?post=2824"}],"curies":[{"name":"wp","href":"https:\/\/api.w.org\/{rel}","templated":true}]}}