{"id":2429,"date":"2018-11-01T12:55:26","date_gmt":"2018-11-01T11:55:26","guid":{"rendered":"https:\/\/innohub13.de\/?post_type=tribe_events&#038;p=2429"},"modified":"2018-11-01T12:59:18","modified_gmt":"2018-11-01T11:59:18","slug":"gastvortrag-cybersicherheit-an-der-th-wildau","status":"publish","type":"tribe_events","link":"https:\/\/innohub13.de\/en\/event\/gastvortrag-cybersicherheit-an-der-th-wildau\/","title":{"rendered":"Gastvortrag &#8222;Cybersicherheit&#8220; an der TH Wildau"},"content":{"rendered":"<p>Die TH Wildau und insbesondere der Studiengang Wirtschaftsinformatik l\u00e4d am Mittwoch den 07.11.2018 zu dem Gastvortrag\u00a0 \u201eCybersicherheit \u2013 Herausforderungen und Ma\u00dfnahmen f\u00fcr die IT-Konsolidierung und die Netze des Bundes\u201c ein. Hierzu wird der Beauftragte der Bundesregierung f\u00fcr Informationstechnik, Klaus Vitt, Staatssekret\u00e4r im Bundesministerium des Innern, f\u00fcr Bau und Heimat als Gastredner erwartet.\u00a0Anschlie\u00dfend besteht die M\u00f6glichkeit f\u00fcr Fragen und Diskussion.<\/p>\n<p>Der Vortrag ab 15:00 Uhr in der Halle 17, Raum 0030, findet im Rahmen der Lehrveranstaltung \u201eSicherheit in der Informationstechnik\u201c von <em>Prof. em. Dr.-Ing. Bernhard Eylert<\/em> im Studiengang Wirtschaftsinformatik statt und ist \u00f6ffentlich. Hochschulangeh\u00f6rige, aber auch interessierte B\u00fcrgerinnen und B\u00fcrger der Region sind dazu herzlich eingeladen.<\/p>\n<p>&nbsp;<\/p>\n<p>Ansprechperson: <a tabindex=\"0\" href=\"https:\/\/www.th-wildau.de\/personen\/bernhard-eylert\/\">Prof. Dr. Bernhard Eylert<\/a><br \/>\nTel.: +49 3375 508 120<br \/>\nMail: <a href=\"mailto:bernhard.eylert@th-wildau.de\">bernhard.eylert@th-wildau.de<\/a><br \/>\nHaus 14, Raum A229<\/p>\n<p>&nbsp;<\/p>\n","protected":false},"excerpt":{"rendered":"<p>Die TH Wildau und insbesondere der Studiengang Wirtschaftsinformatik l\u00e4d am Mittwoch den 07.11.2018 zu dem Gastvortrag\u00a0 \u201eCybersicherheit \u2013 Herausforderungen und Ma\u00dfnahmen f\u00fcr die IT-Konsolidierung und die Netze des Bundes\u201c ein. [&hellip;]<\/p>\n","protected":false},"author":5,"featured_media":0,"comment_status":"closed","ping_status":"closed","template":"","meta":{"_et_pb_use_builder":"","_et_pb_old_content":"","_et_gb_content_width":"","_tribe_events_status":"","_tribe_events_status_reason":""},"tags":[],"tribe_events_cat":[],"_links":{"self":[{"href":"https:\/\/innohub13.de\/en\/wp-json\/wp\/v2\/tribe_events\/2429"}],"collection":[{"href":"https:\/\/innohub13.de\/en\/wp-json\/wp\/v2\/tribe_events"}],"about":[{"href":"https:\/\/innohub13.de\/en\/wp-json\/wp\/v2\/types\/tribe_events"}],"author":[{"embeddable":true,"href":"https:\/\/innohub13.de\/en\/wp-json\/wp\/v2\/users\/5"}],"replies":[{"embeddable":true,"href":"https:\/\/innohub13.de\/en\/wp-json\/wp\/v2\/comments?post=2429"}],"version-history":[{"count":4,"href":"https:\/\/innohub13.de\/en\/wp-json\/wp\/v2\/tribe_events\/2429\/revisions"}],"predecessor-version":[{"id":2434,"href":"https:\/\/innohub13.de\/en\/wp-json\/wp\/v2\/tribe_events\/2429\/revisions\/2434"}],"wp:attachment":[{"href":"https:\/\/innohub13.de\/en\/wp-json\/wp\/v2\/media?parent=2429"}],"wp:term":[{"taxonomy":"post_tag","embeddable":true,"href":"https:\/\/innohub13.de\/en\/wp-json\/wp\/v2\/tags?post=2429"},{"taxonomy":"tribe_events_cat","embeddable":true,"href":"https:\/\/innohub13.de\/en\/wp-json\/wp\/v2\/tribe_events_cat?post=2429"}],"curies":[{"name":"wp","href":"https:\/\/api.w.org\/{rel}","templated":true}]}}