{"id":23433,"date":"2022-02-25T13:02:30","date_gmt":"2022-02-25T12:02:30","guid":{"rendered":"https:\/\/innohub13.de\/?post_type=tribe_events&#038;p=23433"},"modified":"2022-02-25T13:21:24","modified_gmt":"2022-02-25T12:21:24","slug":"innovation-salon-geht-das-auch-digital-medienpaedagogische-inhalte-in-der-jugendsozialarbeit-2","status":"publish","type":"tribe_events","link":"https:\/\/innohub13.de\/en\/event\/innovation-salon-geht-das-auch-digital-medienpaedagogische-inhalte-in-der-jugendsozialarbeit-2\/","title":{"rendered":"Innovation Salon: \u201eGeht das auch digital? Medienp\u00e4dagogische Inhalte in der Jugendsozialarbeit\u201c"},"content":{"rendered":"<p>[et_pb_section fb_built=&#8220;1&#8243; _builder_version=&#8220;3.22&#8243; global_colors_info=&#8220;{}&#8220;][et_pb_row _builder_version=&#8220;3.25&#8243; background_size=&#8220;initial&#8220; background_position=&#8220;top_left&#8220; background_repeat=&#8220;repeat&#8220; global_colors_info=&#8220;{}&#8220;][et_pb_column type=&#8220;4_4&#8243; _builder_version=&#8220;3.25&#8243; custom_padding=&#8220;|||&#8220; global_colors_info=&#8220;{}&#8220; custom_padding__hover=&#8220;|||&#8220;][et_pb_text _builder_version=&#8220;4.12.1&#8243; link_text_color=&#8220;#005CA9&#8243; background_size=&#8220;initial&#8220; background_position=&#8220;top_left&#8220; background_repeat=&#8220;repeat&#8220; hover_enabled=&#8220;0&#8243; global_colors_info=&#8220;{}&#8220; sticky_enabled=&#8220;0&#8243;]<\/p>\n<p>Mit dem Transferformat\u00a0<strong>Innovation Salon<\/strong> unter dem Titel <strong>\u201eGeht das auch digital? Medienp\u00e4dagogische Inhalte in der Jugendsozialarbeit\u201c<\/strong> widmen sich der Innovation Hub 13 und das Leibniz-Institut f\u00fcr Raumbezogene Sozialforschung (IRS) e.V. gemeinsam mit dem Jugendinformations- und Medienzentrum \u201eJIM\u201c F\u00fcrstenwalde im Landkreis Oder-Spree am <strong>9. M\u00e4rz 2022<\/strong> in einem zweiten Workshop dem Thema der <strong>Digitalisierung in der Jugendarbeit<\/strong>.<\/p>\n<p>Nachdem beim ersten Termin im Januar 2022 gemeinsam mit einer Gruppe vielf\u00e4ltiger Teilnehmer*innen Herausforderungen rund um die Einbindung medienp\u00e4dagogischer Angebote in die Jugendsozialarbeit diskutiert und Fragestellungen erarbeitet wurden, wird in dieser Veranstaltung mit diesem Wissen weitergearbeitet und \u00fcber L\u00f6sungskonzepte nachgedacht. Hierf\u00fcr werden die zentralen Ergebnisse aus dem ersten Workshop vorgestellt, um auf dieser Basis L\u00f6sungen zu erarbeiten, die das Nutzer*innenwissen von Jugendlichen als regionale Expert*innen \u00fcber digitale Anwendungen und soziale Medien einbeziehen.<\/p>\n<p>Willkommen sind Anmeldungen von allen interessierten B\u00fcrger*innen, Organisationen und Einrichtungen, zum Beispiel von Jugendlichen, Sozialarbeiter*innen, Wissenschaftler*innen oder Mitarbeiter*innen von Tr\u00e4gereinrichtungen und Verwaltungen. Und nat\u00fcrlich freuen wir uns \u00fcber alle Anmeldungen von Personen, die bereits in der ersten Runde dabei waren.<\/p>\n<p>Weitere Informationen zur Veranstaltung finden Sie <a href=\"http:\/\/www.innohub13.de\/innosalon-digitalisierung-jugendarbeit\/\" target=\"_blank\" rel=\"noopener\"><em>hier<\/em><\/a>.<br \/>Anmeldung f\u00fcr \u201eGeht das auch digital? Medienp\u00e4dagogische Inhalte in der Jugendsozialarbeit\u201c auf der <a href=\"https:\/\/leibniz-irs.de\/aktuelles\/veranstaltungen\/03\/zweiter-innovation-salon-geht-das-auch-digital-medienpaedagogische-inhalte-in-der-jugendsozialarbeit\" target=\"_blank\" rel=\"noopener\"><em>Website des IRS<\/em><\/a>.<\/p>\n<p>[\/et_pb_text][\/et_pb_column][\/et_pb_row][\/et_pb_section]<\/p>\n","protected":false},"excerpt":{"rendered":"<p>Mit dem Transferformat\u00a0Innovation Salon unter dem Titel \u201eGeht das auch digital? Medienp\u00e4dagogische Inhalte in der Jugendsozialarbeit\u201c widmen sich der Innovation Hub 13 und das Leibniz-Institut f\u00fcr Raumbezogene Sozialforschung (IRS) e.V. [&hellip;]<\/p>\n","protected":false},"author":36,"featured_media":0,"comment_status":"closed","ping_status":"closed","template":"","meta":{"_et_pb_use_builder":"on","_et_pb_old_content":"<p>Mit dem Transferformat\u00a0<em>Innovation Salon<\/em> unter dem Titel \u201eGeht das auch digital? Medienp\u00e4dagogische Inhalte in der Jugendsozialarbeit\u201c widmen sich der Innovation Hub 13 und das Leibniz-Institut f\u00fcr Raumbezogene Sozialforschung (IRS) e.V. am 25. Januar 2022 im ersten von zwei Workshops dem Thema der Digitalisierung in der Jugendarbeit.<\/p><p>In Zusammenarbeit mit dem Jugendinformations- und Medienzentrum \u201eJIM\u201c F\u00fcrstenwalde im Landkreis Oder-Spree tragen die Teilnehmenden zun\u00e4chst die Herausforderungen rund um die Einbindung digitaler medienp\u00e4dagogischer Angebote in die Jugendsozialarbeit zusammen, um ein besseres Verst\u00e4ndnis f\u00fcr die spezifischen Problemlagen zu entwickeln.<\/p><p>Weitere Informationen zur Veranstaltung finden Sie <a href=\"http:\/\/www.innohub13.de\/innosalon-digitalisierung-jugendarbeit\/\" target=\"_blank\" rel=\"noopener\"><em>hier<\/em><\/a>.<\/p><p>\u201eGeht das auch digital? Medienp\u00e4dagogische Inhalte in der Jugendsozialarbeit\u201c auf der <a href=\"https:\/\/leibniz-irs.de\/aktuelles\/veranstaltungen\/11-1\/innovation-salon-geht-das-auch-digital-medienpaedagogische-inhalte-in-der-jugendsozialarbeit\" target=\"_blank\" rel=\"noopener\"><em>Website des IRS<\/em><\/a>.<\/p>","_et_gb_content_width":"","_tribe_events_status":"","_tribe_events_status_reason":""},"tags":[],"tribe_events_cat":[],"_links":{"self":[{"href":"https:\/\/innohub13.de\/en\/wp-json\/wp\/v2\/tribe_events\/23433"}],"collection":[{"href":"https:\/\/innohub13.de\/en\/wp-json\/wp\/v2\/tribe_events"}],"about":[{"href":"https:\/\/innohub13.de\/en\/wp-json\/wp\/v2\/types\/tribe_events"}],"author":[{"embeddable":true,"href":"https:\/\/innohub13.de\/en\/wp-json\/wp\/v2\/users\/36"}],"replies":[{"embeddable":true,"href":"https:\/\/innohub13.de\/en\/wp-json\/wp\/v2\/comments?post=23433"}],"version-history":[{"count":2,"href":"https:\/\/innohub13.de\/en\/wp-json\/wp\/v2\/tribe_events\/23433\/revisions"}],"predecessor-version":[{"id":23446,"href":"https:\/\/innohub13.de\/en\/wp-json\/wp\/v2\/tribe_events\/23433\/revisions\/23446"}],"wp:attachment":[{"href":"https:\/\/innohub13.de\/en\/wp-json\/wp\/v2\/media?parent=23433"}],"wp:term":[{"taxonomy":"post_tag","embeddable":true,"href":"https:\/\/innohub13.de\/en\/wp-json\/wp\/v2\/tags?post=23433"},{"taxonomy":"tribe_events_cat","embeddable":true,"href":"https:\/\/innohub13.de\/en\/wp-json\/wp\/v2\/tribe_events_cat?post=23433"}],"curies":[{"name":"wp","href":"https:\/\/api.w.org\/{rel}","templated":true}]}}