{"id":23424,"date":"2022-02-24T13:14:44","date_gmt":"2022-02-24T12:14:44","guid":{"rendered":"https:\/\/innohub13.de\/?post_type=tribe_events&#038;p=23424"},"modified":"2022-02-24T13:14:44","modified_gmt":"2022-02-24T12:14:44","slug":"online-workshop-epigenetik-und-die-grosse-frage-beeinflusst-die-umwelt-unser-erbgut","status":"publish","type":"tribe_events","link":"https:\/\/innohub13.de\/en\/event\/online-workshop-epigenetik-und-die-grosse-frage-beeinflusst-die-umwelt-unser-erbgut\/","title":{"rendered":"Online Workshop: Epigenetik und die gro\u00dfe Frage: Beeinflusst die Umwelt unser Erbgut?"},"content":{"rendered":"<p>Die Epigenetik bietet konzeptionell neue Ans\u00e4tze f\u00fcr das Verst\u00e4ndnis genetischer Regulation von Entwicklungs- und Erkrankungs-Prozessen. Epigenetische Modifikationen spielen in Pflanzen, im Tier und im Mensch eine essentielle Rolle f\u00fcr die Steuerung von Entwicklungsprozessen. Sie ist ein stetig wachsendes Forschungsfeld, das die Regulation von Genen und den Einfluss der Umwelt auf das Genom untersucht.<\/p>\n<p><strong>Der Kurs findet online mit Zoom statt.<\/strong><\/p>\n<p><strong>Das erwartet Sie:\u00a0\u00a0<\/strong><\/p>\n<ul>\n<li>Fortbildung mit Seminarcharakter, generiert ein grundlegendes Verst\u00e4ndnis f\u00fcr die neue Welt der epigenetischen Vererbung\n<ul>\n<li>DNA-Methylierung<\/li>\n<li>Histon-Modifizierungen<\/li>\n<li>RNA-Interferenz<\/li>\n<\/ul>\n<\/li>\n<li>Interaktive, praxisbezogene \u00dcbungen aus Alltag und Labor erleichtern den Zugang zu neuem Wissen\n<ul>\n<li>Man ist was man isst! &#8211; Der gro\u00dfe Einfluss von Nahrung und Nahrungserg\u00e4nzungsstoffen.<\/li>\n<li>X-Chromosom, der Girly-Faktor der Vererbung?<\/li>\n<li>Die Wahl der K\u00f6nigin! Bienen und Ameisen gehen ihre eigenen Wege.<\/li>\n<li>Der \u201ab\u00f6se\u2018 Zwilling, Epigenetik und Zwillinge.<\/li>\n<\/ul>\n<\/li>\n<li>Zeit f\u00fcr die Diskussion von individuellen Fragen mit dem Experten<\/li>\n<\/ul>\n<p><strong>Dozent:\u00a0<\/strong><br \/>\nPD Dr. Ralph Menzel, Humboldt-Universit\u00e4t zu Berlin<\/p>\n<p><strong>Dauer:<\/strong><br \/>\nEint\u00e4gig von 9:00 bis 17:00 Uhr<\/p>\n<p>Maximal 12 Teilnehmer*innen. Der Kurs wird erst ab Erreichen der Mindestteilnehmer*innenzahl durchgef\u00fchrt.<\/p>\n<p><strong>Zielgruppe:<\/strong><br \/>\nDie Veranstaltung richtet sich vorrangig an Technische Angestellte und Laborant*innen, an Mitarbeiter*innen aus biologisch-biowissenschaftlichen Einrichtungen, an Biologie- und Chemielehrer*innen der Sek.Stufe 2 sowie an Studierende der Lebenswissenschaften. Interessierte Laien sind ebenso herzlich willkommen, Vorkenntnisse im Bereich Genexpression sind jedoch von Vorteil.<\/p>\n<p><strong>Kursgeb\u00fchr:<\/strong><\/p>\n<ul>\n<li>Die Teilnahmegeb\u00fchr betr\u00e4gt 120,00 \u20ac zzgl. MwSt.<\/li>\n<li>F\u00fcr Selbstzahlende wird ein Rabatt von 10% auf die o.g. Kursgeb\u00fchr gew\u00e4hrt.<\/li>\n<li>F\u00fcr Mitglieder des VBIO betr\u00e4gt die Teilnahmegeb\u00fchr 70,00 \u20ac zzgl. MwSt.<\/li>\n<li>F\u00fcr Studierende und Auszubildende betr\u00e4gt die Teilnahmegeb\u00fchr 50,00 \u20ac zzgl. MwSt.<\/li>\n<\/ul>\n<p><strong>Anmeldeschluss ist Montag, 14. M\u00e4rz 2022<\/strong><\/p>\n<p><strong>Nach \u00a7 11 des Berliner Bildungsurlaubsgesetzes (BiUrlG) kann f\u00fcr den Kurs Bildungsurlaub geltend gemacht werden.<\/strong><\/p>\n<p>&nbsp;<\/p>\n<p>Weitere Informationen und die M\u00f6glichkeit zur Kursteilnahme finden Sie <a href=\"https:\/\/www.glaesernes-labor-akademie.de\/de\/seminar_epigenetik\"><strong>hier<\/strong> <\/a>(externer Link)<\/p>\n","protected":false},"excerpt":{"rendered":"<p>Die Epigenetik bietet konzeptionell neue Ans\u00e4tze f\u00fcr das Verst\u00e4ndnis genetischer Regulation von Entwicklungs- und Erkrankungs-Prozessen. Epigenetische Modifikationen spielen in Pflanzen, im Tier und im Mensch eine essentielle Rolle f\u00fcr die [&hellip;]<\/p>\n","protected":false},"author":26,"featured_media":0,"comment_status":"closed","ping_status":"closed","template":"","meta":{"_et_pb_use_builder":"","_et_pb_old_content":"","_et_gb_content_width":"","_tribe_events_status":"","_tribe_events_status_reason":""},"tags":[],"tribe_events_cat":[],"_links":{"self":[{"href":"https:\/\/innohub13.de\/en\/wp-json\/wp\/v2\/tribe_events\/23424"}],"collection":[{"href":"https:\/\/innohub13.de\/en\/wp-json\/wp\/v2\/tribe_events"}],"about":[{"href":"https:\/\/innohub13.de\/en\/wp-json\/wp\/v2\/types\/tribe_events"}],"author":[{"embeddable":true,"href":"https:\/\/innohub13.de\/en\/wp-json\/wp\/v2\/users\/26"}],"replies":[{"embeddable":true,"href":"https:\/\/innohub13.de\/en\/wp-json\/wp\/v2\/comments?post=23424"}],"version-history":[{"count":1,"href":"https:\/\/innohub13.de\/en\/wp-json\/wp\/v2\/tribe_events\/23424\/revisions"}],"predecessor-version":[{"id":23425,"href":"https:\/\/innohub13.de\/en\/wp-json\/wp\/v2\/tribe_events\/23424\/revisions\/23425"}],"wp:attachment":[{"href":"https:\/\/innohub13.de\/en\/wp-json\/wp\/v2\/media?parent=23424"}],"wp:term":[{"taxonomy":"post_tag","embeddable":true,"href":"https:\/\/innohub13.de\/en\/wp-json\/wp\/v2\/tags?post=23424"},{"taxonomy":"tribe_events_cat","embeddable":true,"href":"https:\/\/innohub13.de\/en\/wp-json\/wp\/v2\/tribe_events_cat?post=23424"}],"curies":[{"name":"wp","href":"https:\/\/api.w.org\/{rel}","templated":true}]}}