{"id":10558,"date":"2020-09-03T13:21:53","date_gmt":"2020-09-03T11:21:53","guid":{"rendered":"https:\/\/innohub13.de\/?post_type=tribe_events&#038;p=10558"},"modified":"2020-09-03T13:21:53","modified_gmt":"2020-09-03T11:21:53","slug":"forum-wissenschaftskommunikation","status":"publish","type":"tribe_events","link":"https:\/\/innohub13.de\/en\/event\/forum-wissenschaftskommunikation\/","title":{"rendered":"Forum Wissenschaftskommunikation"},"content":{"rendered":"<h2><a href=\"https:\/\/www.wissenschaft-im-dialog.de\/13-forum-wissenschaftskommunikation\/\" target=\"_blank\" rel=\"noopener noreferrer\"><img loading=\"lazy\" class=\"transparent alignnone\" src=\"https:\/\/www.wissenschaft-im-dialog.de\/typo3conf\/ext\/dreipc_wid\/Resources\/Public\/Image\/wid_logo.png\" alt=\"https:\/\/www.wissenschaft-im-dialog.de\/typo3conf\/ext\/dreipc_wid\/Resources\/Public\/Image\/wid_logo.png\" width=\"440\" height=\"81\" \/><\/a><\/h2>\n<h2>Forum Wissenschaftskommunikation<\/h2>\n<h3>Digitale Tagung<\/h3>\n<p>Das Forum Wissenschaftskommunikation ist die gr\u00f6\u00dfte Fachtagung f\u00fcr Wissenschaftskommunikation im deutschsprachigen Raum.<br \/>\nDie Tagung wird j\u00e4hrlich veranstaltet von Wissenschaft im Dialog (WiD),<br \/>\nder gemeinsamen Organisation der deutschen Wissenschaft f\u00fcr Wissenschaftskommunikation.<\/p>\n<p>Aufgrund der Entwicklungen der Coronavirus-Pandemie findet das Forum Wissenschaftskommunikation in diesem Jahr<br \/>\nvom 5. bis zum 7. Oktober 2020 als digitale Tagung statt.<\/p>\n<p>Weitere Informationen zur Veranstaltung und dem Programm finden Sie <a href=\"https:\/\/www.wissenschaft-im-dialog.de\/13-forum-wissenschaftskommunikation\/\" target=\"_blank\" rel=\"noopener noreferrer\">hier<\/a> (externer Link)<\/p>\n","protected":false},"excerpt":{"rendered":"<p>Forum Wissenschaftskommunikation Digitale Tagung Das Forum Wissenschaftskommunikation ist die gr\u00f6\u00dfte Fachtagung f\u00fcr Wissenschaftskommunikation im deutschsprachigen Raum. Die Tagung wird j\u00e4hrlich veranstaltet von Wissenschaft im Dialog (WiD), der gemeinsamen Organisation der [&hellip;]<\/p>\n","protected":false},"author":26,"featured_media":0,"comment_status":"closed","ping_status":"closed","template":"","meta":{"_et_pb_use_builder":"","_et_pb_old_content":"","_et_gb_content_width":"","_tribe_events_status":"","_tribe_events_status_reason":""},"tags":[],"tribe_events_cat":[],"_links":{"self":[{"href":"https:\/\/innohub13.de\/en\/wp-json\/wp\/v2\/tribe_events\/10558"}],"collection":[{"href":"https:\/\/innohub13.de\/en\/wp-json\/wp\/v2\/tribe_events"}],"about":[{"href":"https:\/\/innohub13.de\/en\/wp-json\/wp\/v2\/types\/tribe_events"}],"author":[{"embeddable":true,"href":"https:\/\/innohub13.de\/en\/wp-json\/wp\/v2\/users\/26"}],"replies":[{"embeddable":true,"href":"https:\/\/innohub13.de\/en\/wp-json\/wp\/v2\/comments?post=10558"}],"version-history":[{"count":2,"href":"https:\/\/innohub13.de\/en\/wp-json\/wp\/v2\/tribe_events\/10558\/revisions"}],"predecessor-version":[{"id":10561,"href":"https:\/\/innohub13.de\/en\/wp-json\/wp\/v2\/tribe_events\/10558\/revisions\/10561"}],"wp:attachment":[{"href":"https:\/\/innohub13.de\/en\/wp-json\/wp\/v2\/media?parent=10558"}],"wp:term":[{"taxonomy":"post_tag","embeddable":true,"href":"https:\/\/innohub13.de\/en\/wp-json\/wp\/v2\/tags?post=10558"},{"taxonomy":"tribe_events_cat","embeddable":true,"href":"https:\/\/innohub13.de\/en\/wp-json\/wp\/v2\/tribe_events_cat?post=10558"}],"curies":[{"name":"wp","href":"https:\/\/api.w.org\/{rel}","templated":true}]}}