{"id":10555,"date":"2020-09-03T13:10:33","date_gmt":"2020-09-03T11:10:33","guid":{"rendered":"https:\/\/innohub13.de\/?post_type=tribe_events&#038;p=10555"},"modified":"2020-09-03T13:10:33","modified_gmt":"2020-09-03T11:10:33","slug":"regionalkonferenz-mittelstand-4-0-kompetenzzentrum-cottbus","status":"publish","type":"tribe_events","link":"https:\/\/innohub13.de\/en\/event\/regionalkonferenz-mittelstand-4-0-kompetenzzentrum-cottbus\/","title":{"rendered":"Regionalkonferenz Mittelstand 4.0-Kompetenzzentrum Cottbus"},"content":{"rendered":"<h1><a href=\"https:\/\/www.kompetenzzentrum-cottbus.digital\/de\/hauptnavigation\/veranstaltungen\/regionalkonferenz-mittelstand-4-0-kompetenzzentrum-cottbus-331.html\" target=\"_blank\" rel=\"noopener noreferrer\"><img loading=\"lazy\" class=\"alignleft\" src=\"https:\/\/www.kompetenzzentrum-cottbus.digital\/ancedis\/templates\/kompetenzzentrum2018\/img\/logo_kompetenzzentrum_cottbus.jpg\" alt=\"https:\/\/www.kompetenzzentrum-cottbus.digital\/ancedis\/templates\/kompetenzzentrum2018\/img\/logo_kompetenzzentrum_cottbus.jpg\" width=\"506\" height=\"134\" \/><\/a><\/h1>\n<h1><\/h1>\n<h1><\/h1>\n<h1><\/h1>\n<h2>Regionalkonferenz Mittelstand 4.0-Kompetenzzentrum Cottbus<\/h2>\n<p>Der digitale Wandel der Wirtschaft ist kein reines Technologiethema. Vielmehr stehen die Menschen im Mittelpunkt, wenn sich Arbeit und IT weiter ver\u00e4ndern.<\/p>\n<p>Doch was bedeutet das konkret? Wie wird die digitale Zukunft von Unternehmen in Brandenburg aussehen? Seien Sie gespannt auf verschiedene Thesen dazu in unserer Podiumsdiskussion.<\/p>\n<p>Schon jetzt st\u00e4rken Digitalisierungsprojekte die Wettbewerbsf\u00e4higkeit der Unternehmen, sie steigern die Produktivit\u00e4t und motivieren die Mitarbeitenden.<br \/>\nDrei Unternehmen geben im M4.0-Talk Einblicke in ihre Erfahrungen. Wir pr\u00e4sentieren unsere Arbeit mit einer digitalen F\u00fchrung durch die Lernfabrik und mit einer kleinen Ausstellung.<\/p>\n<p>Im Praxisforum blicken Sie \u00fcber Ihren Tellerrand: Tauschen Sie sich intensiv und offen zu einer Fragestellung rund um 4.0 aus. Drei Unternehmen laden Sie ein,<br \/>\nim kleinen Kreis mit Ihnen in die Tiefe zu gehen: Welche Wege haben in der Praxis funktioniert, wie wurden Herausforderungen gemeistert?<\/p>\n<p>Alle Vortr\u00e4ge, Panels und Workshops werden per Live-Stream \u00fcbertragen &#8211; eine Teilnahme ist daher auch online m\u00f6glich. Freuen Sie sich auf spannende Formate,<br \/>\ndie Sie sowohl vor Ort aber auch bequem von zu Hause erleben k\u00f6nnen.<\/p>\n<p>Die Teilnahme an der Regionalkonferenz ist kostenfrei.<\/p>\n<p>Weitere Informationen zur Veranstaltung und zum Programm finden Sie <a href=\"https:\/\/www.kompetenzzentrum-cottbus.digital\/de\/hauptnavigation\/veranstaltungen\/regionalkonferenz-mittelstand-4-0-kompetenzzentrum-cottbus-331.html\" target=\"_blank\" rel=\"noopener noreferrer\">hier<\/a> (externer Link)<\/p>\n","protected":false},"excerpt":{"rendered":"<p>Regionalkonferenz Mittelstand 4.0-Kompetenzzentrum Cottbus Der digitale Wandel der Wirtschaft ist kein reines Technologiethema. Vielmehr stehen die Menschen im Mittelpunkt, wenn sich Arbeit und IT weiter ver\u00e4ndern. Doch was bedeutet das [&hellip;]<\/p>\n","protected":false},"author":26,"featured_media":0,"comment_status":"closed","ping_status":"closed","template":"","meta":{"_et_pb_use_builder":"","_et_pb_old_content":"","_et_gb_content_width":"","_tribe_events_status":"","_tribe_events_status_reason":""},"tags":[],"tribe_events_cat":[],"_links":{"self":[{"href":"https:\/\/innohub13.de\/en\/wp-json\/wp\/v2\/tribe_events\/10555"}],"collection":[{"href":"https:\/\/innohub13.de\/en\/wp-json\/wp\/v2\/tribe_events"}],"about":[{"href":"https:\/\/innohub13.de\/en\/wp-json\/wp\/v2\/types\/tribe_events"}],"author":[{"embeddable":true,"href":"https:\/\/innohub13.de\/en\/wp-json\/wp\/v2\/users\/26"}],"replies":[{"embeddable":true,"href":"https:\/\/innohub13.de\/en\/wp-json\/wp\/v2\/comments?post=10555"}],"version-history":[{"count":1,"href":"https:\/\/innohub13.de\/en\/wp-json\/wp\/v2\/tribe_events\/10555\/revisions"}],"predecessor-version":[{"id":10556,"href":"https:\/\/innohub13.de\/en\/wp-json\/wp\/v2\/tribe_events\/10555\/revisions\/10556"}],"wp:attachment":[{"href":"https:\/\/innohub13.de\/en\/wp-json\/wp\/v2\/media?parent=10555"}],"wp:term":[{"taxonomy":"post_tag","embeddable":true,"href":"https:\/\/innohub13.de\/en\/wp-json\/wp\/v2\/tags?post=10555"},{"taxonomy":"tribe_events_cat","embeddable":true,"href":"https:\/\/innohub13.de\/en\/wp-json\/wp\/v2\/tribe_events_cat?post=10555"}],"curies":[{"name":"wp","href":"https:\/\/api.w.org\/{rel}","templated":true}]}}